{"id":30279,"date":"2021-09-13T14:22:54","date_gmt":"2021-09-13T14:22:54","guid":{"rendered":"https:\/\/ufrb.edu.br\/2021\/09\/13\/galeria-de-reitores-e-reitoras\/"},"modified":"2025-11-18T14:47:57","modified_gmt":"2025-11-18T17:47:57","slug":"galeria-de-reitores-e-reitoras","status":"publish","type":"page","link":"https:\/\/ufrb.edu.br\/portal\/galeria-de-reitores-e-reitoras\/","title":{"rendered":"Galeria de Reitores e Reitoras"},"content":{"rendered":"\n<h2 class=\"wp-block-heading\">2023-2027<\/h2>\n\n\n\n<div class=\"wp-block-columns is-layout-flex wp-container-core-columns-is-layout-9d6595d7 wp-block-columns-is-layout-flex\">\n<div class=\"wp-block-column is-layout-flow wp-block-column-is-layout-flow\">\n<figure class=\"wp-block-image size-full\"><img loading=\"lazy\" decoding=\"async\" width=\"545\" height=\"823\" src=\"https:\/\/ufrb.edu.br\/portal\/wp-content\/uploads\/sites\/5\/2021\/09\/georgina-goncalves-ufrb-c8b.png\" alt=\"\" class=\"wp-image-30274\" srcset=\"https:\/\/ufrb.edu.br\/portal\/wp-content\/uploads\/sites\/5\/2021\/09\/georgina-goncalves-ufrb-c8b.png 545w, https:\/\/ufrb.edu.br\/portal\/wp-content\/uploads\/sites\/5\/2021\/09\/georgina-goncalves-ufrb-c8b-199x300.png 199w\" sizes=\"auto, (max-width: 545px) 100vw, 545px\" \/><\/figure>\n\n\n\n<p><strong>Reitora&nbsp;<\/strong><strong>Georgina Gon\u00e7alves dos Santos<\/strong><\/p>\n\n\n\n<p>Graduada em Servi\u00e7o Social, mestra em Educa\u00e7\u00e3o e doutora em Sciences de l&#8217;\u00c9ducation. Professora do Centro de Artes, Humanidades e Letras (CAHL).&nbsp;<a href=\"http:\/\/lattes.cnpq.br\/8319710990374005\">Curr\u00edculo Lattes<\/a>.<\/p>\n<\/div>\n\n\n\n<div class=\"wp-block-column is-layout-flow wp-block-column-is-layout-flow\">\n<figure class=\"wp-block-image size-full\"><img loading=\"lazy\" decoding=\"async\" width=\"545\" height=\"823\" src=\"https:\/\/ufrb.edu.br\/portal\/wp-content\/uploads\/sites\/5\/2021\/09\/fabio-josue-ufrb-ce5.png\" alt=\"\" class=\"wp-image-30275\" srcset=\"https:\/\/ufrb.edu.br\/portal\/wp-content\/uploads\/sites\/5\/2021\/09\/fabio-josue-ufrb-ce5.png 545w, https:\/\/ufrb.edu.br\/portal\/wp-content\/uploads\/sites\/5\/2021\/09\/fabio-josue-ufrb-ce5-199x300.png 199w\" sizes=\"auto, (max-width: 545px) 100vw, 545px\" \/><\/figure>\n\n\n\n<p><strong>Vice-Reitor&nbsp;<\/strong><strong>F\u00e1bio Josu\u00e9 Souza dos Santos<\/strong><\/p>\n\n\n\n<p>Graduado em Pedagogia, mestre e doutor em Educa\u00e7\u00e3o e Contemporaneidade.&nbsp;Professor do Centro de Forma\u00e7\u00e3o de Professores (CFP).&nbsp;<a href=\"http:\/\/buscatextual.cnpq.br\/buscatextual\/visualizacv.do?id=K4734726P4\">Curr\u00edculo Lattes<\/a>.<\/p>\n<\/div>\n<\/div>\n\n\n\n<h2 class=\"wp-block-heading\">2019-2023<\/h2>\n\n\n\n<div class=\"wp-block-columns is-layout-flex wp-container-core-columns-is-layout-9d6595d7 wp-block-columns-is-layout-flex\">\n<div class=\"wp-block-column is-layout-flow wp-block-column-is-layout-flow\">\n<figure class=\"wp-block-image size-full\"><img loading=\"lazy\" decoding=\"async\" width=\"545\" height=\"823\" src=\"https:\/\/ufrb.edu.br\/portal\/wp-content\/uploads\/sites\/5\/2021\/09\/fabio-josue-ufrb-ce5.png\" alt=\"\" class=\"wp-image-30275\" srcset=\"https:\/\/ufrb.edu.br\/portal\/wp-content\/uploads\/sites\/5\/2021\/09\/fabio-josue-ufrb-ce5.png 545w, https:\/\/ufrb.edu.br\/portal\/wp-content\/uploads\/sites\/5\/2021\/09\/fabio-josue-ufrb-ce5-199x300.png 199w\" sizes=\"auto, (max-width: 545px) 100vw, 545px\" \/><\/figure>\n\n\n\n<p><strong>Reitor&nbsp;<\/strong><strong>F\u00e1bio Josu\u00e9 Souza dos Santos<\/strong><\/p>\n\n\n\n<p>Graduado em Pedagogia, mestre e doutor em Educa\u00e7\u00e3o e Contemporaneidade.&nbsp;Professor do Centro de Forma\u00e7\u00e3o de Professores (CFP).&nbsp;<a href=\"http:\/\/buscatextual.cnpq.br\/buscatextual\/visualizacv.do?id=K4734726P4\">Curr\u00edculo Lattes<\/a>.<\/p>\n<\/div>\n\n\n\n<div class=\"wp-block-column is-layout-flow wp-block-column-is-layout-flow\">\n<figure class=\"wp-block-image size-full\"><img loading=\"lazy\" decoding=\"async\" width=\"545\" height=\"823\" src=\"https:\/\/ufrb.edu.br\/portal\/wp-content\/uploads\/sites\/5\/2021\/09\/jose-mascarenhas-ufrb-179.png\" alt=\"\" class=\"wp-image-30276\" srcset=\"https:\/\/ufrb.edu.br\/portal\/wp-content\/uploads\/sites\/5\/2021\/09\/jose-mascarenhas-ufrb-179.png 545w, https:\/\/ufrb.edu.br\/portal\/wp-content\/uploads\/sites\/5\/2021\/09\/jose-mascarenhas-ufrb-179-199x300.png 199w\" sizes=\"auto, (max-width: 545px) 100vw, 545px\" \/><\/figure>\n\n\n\n<p><strong>Vice-Reitor&nbsp;<\/strong><strong>Jos\u00e9 Mascarenhas Pereira Bisneto<\/strong><\/p>\n\n\n\n<p>Graduado e mestre em Administra\u00e7\u00e3o, doutor em Geografia (An\u00e1lise Geogr\u00e1fica Regional). Professor do Centro de Ci\u00eancias Agr\u00e1rias, Ambientais e Biol\u00f3gicas (CCAAB).&nbsp;<a href=\"http:\/\/lattes.cnpq.br\/1151698687549952\">Curr\u00edculo Lattes<\/a>.<\/p>\n<\/div>\n<\/div>\n\n\n\n<h2 class=\"wp-block-heading\">2015-2019<\/h2>\n\n\n\n<div class=\"wp-block-columns is-layout-flex wp-container-core-columns-is-layout-9d6595d7 wp-block-columns-is-layout-flex\">\n<div class=\"wp-block-column is-layout-flow wp-block-column-is-layout-flow\">\n<figure class=\"wp-block-image size-full\"><img loading=\"lazy\" decoding=\"async\" width=\"545\" height=\"823\" src=\"https:\/\/ufrb.edu.br\/portal\/wp-content\/uploads\/sites\/5\/2021\/09\/silvio-soglia-ufrb-774.png\" alt=\"\" class=\"wp-image-30277\" srcset=\"https:\/\/ufrb.edu.br\/portal\/wp-content\/uploads\/sites\/5\/2021\/09\/silvio-soglia-ufrb-774.png 545w, https:\/\/ufrb.edu.br\/portal\/wp-content\/uploads\/sites\/5\/2021\/09\/silvio-soglia-ufrb-774-199x300.png 199w\" sizes=\"auto, (max-width: 545px) 100vw, 545px\" \/><\/figure>\n\n\n\n<p><strong>Reitor&nbsp;<\/strong><strong>Silvio Luiz de Oliveira Soglia<\/strong><\/p>\n\n\n\n<p>Graduado em Agronomia, mestre em Ci\u00eancia e Tecnologia de Alimentos e doutor em Ci\u00eancias dos Alimentos. Professor do Centro de Ci\u00eancias Agr\u00e1rias, Ambientais e Biol\u00f3gicas (CCAAB).&nbsp;<a href=\"http:\/\/lattes.cnpq.br\/7916109791912965\">Curr\u00edculo Lattes<\/a>.<\/p>\n<\/div>\n\n\n\n<div class=\"wp-block-column is-layout-flow wp-block-column-is-layout-flow\">\n<figure class=\"wp-block-image size-full\"><img loading=\"lazy\" decoding=\"async\" width=\"545\" height=\"823\" src=\"https:\/\/ufrb.edu.br\/portal\/wp-content\/uploads\/sites\/5\/2021\/09\/georgina-goncalves-ufrb-c8b.png\" alt=\"\" class=\"wp-image-30274\" srcset=\"https:\/\/ufrb.edu.br\/portal\/wp-content\/uploads\/sites\/5\/2021\/09\/georgina-goncalves-ufrb-c8b.png 545w, https:\/\/ufrb.edu.br\/portal\/wp-content\/uploads\/sites\/5\/2021\/09\/georgina-goncalves-ufrb-c8b-199x300.png 199w\" sizes=\"auto, (max-width: 545px) 100vw, 545px\" \/><\/figure>\n\n\n\n<p><strong>Vice-Reitora&nbsp;<\/strong><strong>Georgina Gon\u00e7alves dos Santos<\/strong><\/p>\n\n\n\n<p>Graduada em Servi\u00e7o Social, mestra em Educa\u00e7\u00e3o e doutora em Sciences de l&#8217;\u00c9ducation. Professora do Centro de Artes, Humanidades e Letras (CAHL).&nbsp;<a href=\"http:\/\/lattes.cnpq.br\/8319710990374005\">Curr\u00edculo Lattes<\/a>.<\/p>\n<\/div>\n<\/div>\n\n\n\n<h2 class=\"wp-block-heading\">2006-2015<\/h2>\n\n\n\n<div class=\"wp-block-columns is-layout-flex wp-container-core-columns-is-layout-9d6595d7 wp-block-columns-is-layout-flex\">\n<div class=\"wp-block-column is-layout-flow wp-block-column-is-layout-flow\">\n<figure class=\"wp-block-image size-full\"><img loading=\"lazy\" decoding=\"async\" width=\"545\" height=\"823\" src=\"https:\/\/ufrb.edu.br\/portal\/wp-content\/uploads\/sites\/5\/2021\/09\/paulo-gabriel-ufrb-d55.png\" alt=\"\" class=\"wp-image-30278\" srcset=\"https:\/\/ufrb.edu.br\/portal\/wp-content\/uploads\/sites\/5\/2021\/09\/paulo-gabriel-ufrb-d55.png 545w, https:\/\/ufrb.edu.br\/portal\/wp-content\/uploads\/sites\/5\/2021\/09\/paulo-gabriel-ufrb-d55-199x300.png 199w\" sizes=\"auto, (max-width: 545px) 100vw, 545px\" \/><\/figure>\n\n\n\n<p><strong>Reitor&nbsp;<\/strong><strong>Paulo Gabriel Soledade Nacif<\/strong><\/p>\n\n\n\n<p>Graduado em Agronomia, mestre em Ci\u00eancia e Tecnologia de Alimentos e doutor em Ci\u00eancias dos Alimentos. Professor do Centro de Ci\u00eancias Agr\u00e1rias, Ambientais e Biol\u00f3gicas (CCAAB).&nbsp;<a href=\"http:\/\/lattes.cnpq.br\/7916109791912965\">Curr\u00edculo Lattes<\/a>.<\/p>\n<\/div>\n\n\n\n<div class=\"wp-block-column is-layout-flow wp-block-column-is-layout-flow\">\n<figure class=\"wp-block-image size-full\"><img loading=\"lazy\" decoding=\"async\" width=\"545\" height=\"823\" src=\"https:\/\/ufrb.edu.br\/portal\/wp-content\/uploads\/sites\/5\/2021\/09\/silvio-soglia-ufrb-774.png\" alt=\"\" class=\"wp-image-30277\" srcset=\"https:\/\/ufrb.edu.br\/portal\/wp-content\/uploads\/sites\/5\/2021\/09\/silvio-soglia-ufrb-774.png 545w, https:\/\/ufrb.edu.br\/portal\/wp-content\/uploads\/sites\/5\/2021\/09\/silvio-soglia-ufrb-774-199x300.png 199w\" sizes=\"auto, (max-width: 545px) 100vw, 545px\" \/><\/figure>\n\n\n\n<p><strong>Vice-Reitor&nbsp;<\/strong><strong>Silvio Luiz de Oliveira Soglia<\/strong><\/p>\n\n\n\n<p>Graduado em Agronomia, mestre e doutor em Solos. Professor do Centro de Ci\u00eancias Agr\u00e1rias, Ambientais e Biol\u00f3gicas (CCAAB).&nbsp;<a href=\"http:\/\/lattes.cnpq.br\/8537690856693034\">Curr\u00edculo Lattes<\/a>.<\/p>\n<\/div>\n<\/div>\n","protected":false},"excerpt":{"rendered":"<p>2023-2027 Reitora&nbsp;Georgina Gon\u00e7alves dos Santos Graduada em Servi\u00e7o Social, mestra em Educa\u00e7\u00e3o e doutora em Sciences de l&#8217;\u00c9ducation. Professora do Centro de Artes, Humanidades e Letras (CAHL).&nbsp;Curr\u00edculo Lattes. Vice-Reitor&nbsp;F\u00e1bio Josu\u00e9 Souza dos Santos Graduado em Pedagogia, mestre e doutor em Educa\u00e7\u00e3o e Contemporaneidade.&nbsp;Professor do Centro de Forma\u00e7\u00e3o de Professores (CFP).&nbsp;Curr\u00edculo Lattes. 2019-2023 Reitor&nbsp;F\u00e1bio Josu\u00e9 Souza [&hellip;]<\/p>\n","protected":false},"author":1,"featured_media":0,"parent":0,"menu_order":16,"comment_status":"closed","ping_status":"closed","template":"","meta":{"_acf_changed":false,"footnotes":""},"class_list":["post-30279","page","type-page","status-publish","hentry"],"acf":[],"_links":{"self":[{"href":"https:\/\/ufrb.edu.br\/portal\/wp-json\/wp\/v2\/pages\/30279","targetHints":{"allow":["GET"]}}],"collection":[{"href":"https:\/\/ufrb.edu.br\/portal\/wp-json\/wp\/v2\/pages"}],"about":[{"href":"https:\/\/ufrb.edu.br\/portal\/wp-json\/wp\/v2\/types\/page"}],"author":[{"embeddable":true,"href":"https:\/\/ufrb.edu.br\/portal\/wp-json\/wp\/v2\/users\/1"}],"replies":[{"embeddable":true,"href":"https:\/\/ufrb.edu.br\/portal\/wp-json\/wp\/v2\/comments?post=30279"}],"version-history":[{"count":2,"href":"https:\/\/ufrb.edu.br\/portal\/wp-json\/wp\/v2\/pages\/30279\/revisions"}],"predecessor-version":[{"id":44614,"href":"https:\/\/ufrb.edu.br\/portal\/wp-json\/wp\/v2\/pages\/30279\/revisions\/44614"}],"wp:attachment":[{"href":"https:\/\/ufrb.edu.br\/portal\/wp-json\/wp\/v2\/media?parent=30279"}],"curies":[{"name":"wp","href":"https:\/\/api.w.org\/{rel}","templated":true}]}}