{"id":37990,"date":"2025-03-17T12:10:42","date_gmt":"2025-03-17T15:10:42","guid":{"rendered":"https:\/\/ufrb.edu.br\/?page_id=37990"},"modified":"2025-03-17T12:10:42","modified_gmt":"2025-03-17T15:10:42","slug":"linha-do-tempo","status":"publish","type":"page","link":"https:\/\/ufrb.edu.br\/portal\/linha-do-tempo\/","title":{"rendered":"Linha do Tempo"},"content":{"rendered":"\n<p>A primeira manifesta\u00e7\u00e3o favor\u00e1vel \u00e0 cria\u00e7\u00e3o de uma universidade no Rec\u00f4ncavo ocorreu durante reuni\u00e3o realizada pelo Senado da C\u00e2mara de Santo Amaro, em 14 de junho de 1822. Durante o s\u00e9culo XX, a Bahia alimentou o sonho de instituir uma universidade federal a partir da experi\u00eancia da Escola de Agronomia, localizada no Rec\u00f4ncavo. Em diferentes momentos, diversos documentos foram encaminhados \u00e0 Presid\u00eancia da Rep\u00fablica, ao Minist\u00e9rio da Educa\u00e7\u00e3o e ao Congresso Nacional. Um novo ciclo deste processo foi iniciado pelo Reitor da UFBA (2002-2010), Naomar Monteiro de Almeida Filho, que retomou a discuss\u00e3o em reuni\u00e3o com a bancada de deputados federais e senadores baianos, na data de 7 de outubro de 2002.<\/p>\n\n\n\n<div class=\"wp-block-atlb-timeline-block desk_center_layout tab_center_layout mob_left_layout atlb__3bc42f21\">\n<div class=\"wp-block-atlb-single-timeline-item\"><div class=\"timeline__content \">\n<p>O Imperial Instituto Bahiano de Agricultura (IIBA) foi criado pelo Imperador dom Pedro II, no munic\u00edpio de S\u00e3o Francisco do Conde na localidade de S\u00e3o Bento das Lages.<\/p>\n<\/div><div class=\"timeline__marker\"><i class=\"far fa-arrow-alt-circle-down\"><\/i><\/div><div class=\"timeline__date\"><div class=\"time__date_content \"><p class=\"event__date\">1\u00ba de novembro de 1859<\/p><\/div><\/div><\/div>\n\n\n\n<div class=\"wp-block-atlb-single-timeline-item\"><div class=\"timeline__content \">\n<p>Foi criada, associada ao IIBA, a Imperial Escola Agr\u00edcola da Bahia (IEAB).<\/p>\n<\/div><div class=\"timeline__marker\"><i class=\"far fa-arrow-alt-circle-down\"><\/i><\/div><div class=\"timeline__date\"><div class=\"time__date_content \"><p class=\"event__date\">15 de Fevereiro de 1877<\/p><\/div><\/div><\/div>\n\n\n\n<div class=\"wp-block-atlb-single-timeline-item\"><div class=\"timeline__content \">\n<p>A IEAB \u00e9 transformada no Instituto Agr\u00edcola da Bahia sob o controle do Governo do Estado da Bahia, onde passa a funcionar a partir de 1911 a Escola M\u00e9dia Te\u00f3rica e Pr\u00e1tica de Agricultura.<\/p>\n<\/div><div class=\"timeline__marker\"><i class=\"far fa-arrow-alt-circle-down\"><\/i><\/div><div class=\"timeline__date\"><div class=\"time__date_content \"><p class=\"event__date\">1905<\/p><\/div><\/div><\/div>\n\n\n\n<div class=\"wp-block-atlb-single-timeline-item\"><div class=\"timeline__content \">\n<p>A Escola associada ao IEAB volta a oferecer o curso de n\u00edvel superior.<\/p>\n<\/div><div class=\"timeline__marker\"><i class=\"far fa-arrow-alt-circle-down\"><\/i><\/div><div class=\"timeline__date\"><div class=\"time__date_content \"><p class=\"event__date\">1920<\/p><\/div><\/div><\/div>\n\n\n\n<div class=\"wp-block-atlb-single-timeline-item\"><div class=\"timeline__content \">\n<p>A Escola Agr\u00edcola da Bahia \u00e9 transferida para Salvador.<\/p>\n<\/div><div class=\"timeline__marker\"><i class=\"far fa-arrow-alt-circle-down\"><\/i><\/div><div class=\"timeline__date\"><div class=\"time__date_content \"><p class=\"event__date\">1931<\/p><\/div><\/div><\/div>\n\n\n\n<div class=\"wp-block-atlb-single-timeline-item\"><div class=\"timeline__content \">\n<p>A Escola Agr\u00edcola da Bahia \u00e9 transferida  para Cruz das Almas como nome de Escola Agron\u00f4mica da Bahia.<\/p>\n<\/div><div class=\"timeline__marker\"><i class=\"far fa-arrow-alt-circle-down\"><\/i><\/div><div class=\"timeline__date\"><div class=\"time__date_content \"><p class=\"event__date\">1943<\/p><\/div><\/div><\/div>\n\n\n\n<div class=\"wp-block-atlb-single-timeline-item\"><div class=\"timeline__content \">\n<p>A Escola de Agron\u00f4mica passa a fazer parte da Universidade Federal da Bahia, com o nome de Escola de Agronomia da UFBA.<\/p>\n<\/div><div class=\"timeline__marker\"><i class=\"far fa-arrow-alt-circle-down\"><\/i><\/div><div class=\"timeline__date\"><div class=\"time__date_content \"><p class=\"event__date\">1968<\/p><\/div><\/div><\/div>\n\n\n\n<div class=\"wp-block-atlb-single-timeline-item\"><div class=\"timeline__content \">\n<p>O Reitor da UFBA, professor Naomar Monteiro de Almeida Filho, prop\u00f5e a cria\u00e7\u00e3o da Universidade Federal do Rec\u00f4ncavo, numa reuni\u00e3o com a bancada de deputados federais e senadores baianos.<\/p>\n<\/div><div class=\"timeline__marker\"><i class=\"far fa-arrow-alt-circle-down\"><\/i><\/div><div class=\"timeline__date\"><div class=\"time__date_content \"><p class=\"event__date\">7 de outubro de 2002<\/p><\/div><\/div><\/div>\n\n\n\n<div class=\"wp-block-atlb-single-timeline-item\"><div class=\"timeline__content \">\n<p>O Conselho Universit\u00e1rio da UFBA participa em Cruz das Almas da posse do novo Diretor da AGRUFBA, Paulo Gabriel Soledade Nacif e, em Reuni\u00e3o Extraordin\u00e1ria, discute a proposta de desmembramento da AGRUFBA para constitui\u00e7\u00e3o do n\u00facleo inicial da UFRB, deliberando-se por autorizar o Magn\u00edfico Reitor a designar uma comiss\u00e3o para elabora\u00e7\u00e3o dos subs\u00eddios para cria\u00e7\u00e3o e implanta\u00e7\u00e3o da Universidade Federal do Rec\u00f4ncavo da Bahia.<\/p>\n<\/div><div class=\"timeline__marker\"><i class=\"far fa-arrow-alt-circle-down\"><\/i><\/div><div class=\"timeline__date\"><div class=\"time__date_content \"><p class=\"event__date\">14 de mar\u00e7o de 2003<\/p><\/div><\/div><\/div>\n\n\n\n<div class=\"wp-block-atlb-single-timeline-item\"><div class=\"timeline__content \">\n<p>Reuni\u00e3o da Comiss\u00e3o de Educa\u00e7\u00e3o da C\u00e2mara Federal em Cruz das Almas.<\/p>\n<\/div><div class=\"timeline__marker\"><i class=\"far fa-arrow-alt-circle-down\"><\/i><\/div><div class=\"timeline__date\"><div class=\"time__date_content \"><p class=\"event__date\">28 de maio de 2003<\/p><\/div><\/div><\/div>\n\n\n\n<div class=\"wp-block-atlb-single-timeline-item\"><div class=\"timeline__content \">\n<p>Portaria n\u00ba 251 (UFBA \/ Gabinete do Reitor) do Magn\u00edfico Reitor da UFBA criando a Comiss\u00e3o elaboradora dos subs\u00eddios para cria\u00e7\u00e3o e implementa\u00e7\u00e3o da Universidade Federal do Rec\u00f4ncavo da Bahia, presidida pelo Vice-Reitor Francisco Jos\u00e9 Gomes Mesquita.<\/p>\n<\/div><div class=\"timeline__marker\"><i class=\"far fa-arrow-alt-circle-down\"><\/i><\/div><div class=\"timeline__date\"><div class=\"time__date_content \"><p class=\"event__date\">9 de julho de 2003<\/p><\/div><\/div><\/div>\n\n\n\n<div class=\"wp-block-atlb-single-timeline-item\"><div class=\"timeline__content \">\n<p>Audi\u00eancias P\u00fablicas nos munic\u00edpios de Amargosa, Cachoeira, Castro Alves, Cruz das Almas, Maragogipe, Mutu\u00edpe, Nazar\u00e9 das Farinhas, Santo Amaro, Santo Ant\u00f4nio de Jesus, S\u00e3o F\u00e9lix, Terra Nova e Valen\u00e7a.<\/p>\n<\/div><div class=\"timeline__marker\"><i class=\"far fa-arrow-alt-circle-down\"><\/i><\/div><div class=\"timeline__date\"><div class=\"time__date_content \"><p class=\"event__date\">junho a outubro de 2003<\/p><\/div><\/div><\/div>\n\n\n\n<div class=\"wp-block-atlb-single-timeline-item\"><div class=\"timeline__content \">\n<p>Aprova\u00e7\u00e3o pela Congrega\u00e7\u00e3o da Escola de Agronomia do Documento Subs\u00eddios para Cria\u00e7\u00e3o e Implementa\u00e7\u00e3o da UFRB.<\/p>\n<\/div><div class=\"timeline__marker\"><i class=\"far fa-arrow-alt-circle-down\"><\/i><\/div><div class=\"timeline__date\"><div class=\"time__date_content \"><p class=\"event__date\">9 de setembro de 2003<\/p><\/div><\/div><\/div>\n\n\n\n<div class=\"wp-block-atlb-single-timeline-item\"><div class=\"timeline__content \">\n<p>Aprova\u00e7\u00e3o pelo Conselho de Ensino, Pesquisa e Extens\u00e3o do Documento Subs\u00eddios para Cria\u00e7\u00e3o e Implementa\u00e7\u00e3o da UFRB.<\/p>\n<\/div><div class=\"timeline__marker\"><i class=\"far fa-arrow-alt-circle-down\"><\/i><\/div><div class=\"timeline__date\"><div class=\"time__date_content \"><p class=\"event__date\">25 de setembro de 2003<\/p><\/div><\/div><\/div>\n\n\n\n<div class=\"wp-block-atlb-single-timeline-item\"><div class=\"timeline__content \">\n<p>Aprova\u00e7\u00e3o pelo Conselho de Curadores do Documento Subs\u00eddios para Cria\u00e7\u00e3o e Implementa\u00e7\u00e3o da UFRB.<\/p>\n<\/div><div class=\"timeline__marker\"><i class=\"far fa-arrow-alt-circle-down\"><\/i><\/div><div class=\"timeline__date\"><div class=\"time__date_content \"><p class=\"event__date\">29 de setembro de 2003<\/p><\/div><\/div><\/div>\n\n\n\n<div class=\"wp-block-atlb-single-timeline-item\"><div class=\"timeline__content \">\n<p>Aprova\u00e7\u00e3o pelo Conselho Universit\u00e1rio Subs\u00eddios para Cria\u00e7\u00e3o e Implementa\u00e7\u00e3o da UFRB.<\/p>\n<\/div><div class=\"timeline__marker\"><i class=\"far fa-arrow-alt-circle-down\"><\/i><\/div><div class=\"timeline__date\"><div class=\"time__date_content \"><p class=\"event__date\">29 de setembro de 2003<\/p><\/div><\/div><\/div>\n\n\n\n<div class=\"wp-block-atlb-single-timeline-item\"><div class=\"timeline__content \">\n<p>Entrega da proposta de Cria\u00e7\u00e3o da UFRB ao Ministro do Trabalho Jacques Wagner que, em seguida, em audi\u00eancia espec\u00edfica sobre o assunto, entrega o documento ao Presidente da Rep\u00fablica Lu\u00eds In\u00e1cio Lula da Silva.<\/p>\n<\/div><div class=\"timeline__marker\"><i class=\"far fa-arrow-alt-circle-down\"><\/i><\/div><div class=\"timeline__date\"><div class=\"time__date_content \"><p class=\"event__date\">17 de outubro de 2003<\/p><\/div><\/div><\/div>\n\n\n\n<div class=\"wp-block-atlb-single-timeline-item\"><div class=\"timeline__content \">\n<p>Em audi\u00eancia p\u00fablica no munic\u00edpio de Amargosa, a proposta da cria\u00e7\u00e3o da UFRB \u00e9 entregue ao Ministro Chefe a Controladoria Geral da Rep\u00fablica Waldir Pires.<\/p>\n<\/div><div class=\"timeline__marker\"><i class=\"far fa-arrow-alt-circle-down\"><\/i><\/div><div class=\"timeline__date\"><div class=\"time__date_content \"><p class=\"event__date\">21 de outubro de 2003<\/p><\/div><\/div><\/div>\n\n\n\n<div class=\"wp-block-atlb-single-timeline-item\"><div class=\"timeline__content \">\n<p>O Ministro da Cultura Gilberto Gil apresenta ao Ministro da Educa\u00e7\u00e3o, Tarso Genro, um projeto de parceria para constru\u00e7\u00e3o da campus da UFRB em Cachoeira.<\/p>\n<\/div><div class=\"timeline__marker\"><i class=\"far fa-arrow-alt-circle-down\"><\/i><\/div><div class=\"timeline__date\"><div class=\"time__date_content \"><p class=\"event__date\">6 de setembro de 2004<\/p><\/div><\/div><\/div>\n\n\n\n<div class=\"wp-block-atlb-single-timeline-item\"><div class=\"timeline__content \">\n<p>O Magn\u00edfico Reitor da UFBA, Naomar Monteiro de Almeida Filho, o Diretor da Escola de Agronomia da UFBA Paulo Gabriel Soledade Nacif e o Prefeito de Cruz das Almas, Orlando Pereira Peixoto Filho recepcionam 30 Prefeitos da regi\u00e3o do<br>Rec\u00f4ncavo e vizinhan\u00e7a para discuss\u00e3o e defini\u00e7\u00e3o de a\u00e7\u00f5es visando a consolida\u00e7\u00e3o da Conquista da UFRB.<\/p>\n<\/div><div class=\"timeline__marker\"><i class=\"far fa-arrow-alt-circle-down\"><\/i><\/div><div class=\"timeline__date\"><div class=\"time__date_content \"><p class=\"event__date\">7 de fevereiro de 2005<\/p><\/div><\/div><\/div>\n\n\n\n<div class=\"wp-block-atlb-single-timeline-item\"><div class=\"timeline__content \">\n<p>Audi\u00eancias com os Ministros da Educa\u00e7\u00e3o Tarso Genro e Fernando Haddad. Cont\u00ednua mobiliza\u00e7\u00e3o regional, com a realiza\u00e7\u00e3o de reuni\u00f5es, semin\u00e1rios e audi\u00eancias p\u00fablicas em munic\u00edpios do Rec\u00f4ncavo e Litoral Sul.<\/p>\n<\/div><div class=\"timeline__marker\"><i class=\"far fa-arrow-alt-circle-down\"><\/i><\/div><div class=\"timeline__date\"><div class=\"time__date_content \"><p class=\"event__date\">outubro de 2003 a mar\u00e7o de 2005<\/p><\/div><\/div><\/div>\n\n\n\n<div class=\"wp-block-atlb-single-timeline-item\"><div class=\"timeline__content \">\n<p>A Escola de Agronomia amplia suas atividades de Ensino, Pesquisa e Extens\u00e3o com a cria\u00e7\u00e3o de tr\u00eas novos cursos de gradua\u00e7\u00e3o: Engenharia Florestal, Engenharia de Pesca e Zootecnia. O Ministro da Pesca e Aq\u00fcicultura Jos\u00e9 Fritsch ministra aula inaugural e recebe de  lideran\u00e7as regionais o pedido de apoio ao projeto da UFRB.<\/p>\n<\/div><div class=\"timeline__marker\"><i class=\"far fa-arrow-alt-circle-down\"><\/i><\/div><div class=\"timeline__date\"><div class=\"time__date_content \"><p class=\"event__date\">14 de mar\u00e7o de 2005<\/p><\/div><\/div><\/div>\n\n\n\n<div class=\"wp-block-atlb-single-timeline-item\"><div class=\"timeline__content \">\n<p>O Presidente Luis In\u00e1cio Lula da Silva envia o Projeto Lei para o Congresso.<\/p>\n<\/div><div class=\"timeline__marker\"><i class=\"far fa-arrow-alt-circle-down\"><\/i><\/div><div class=\"timeline__date\"><div class=\"time__date_content \"><p class=\"event__date\">25 de mar\u00e7o de 2005<\/p><\/div><\/div><\/div>\n\n\n\n<div class=\"wp-block-atlb-single-timeline-item\"><div class=\"timeline__content \">\n<p>Aprova\u00e7\u00e3o do Projeto na C\u00e2mara dos Deputados Federais.<\/p>\n<\/div><div class=\"timeline__marker\"><i class=\"far fa-arrow-alt-circle-down\"><\/i><\/div><div class=\"timeline__date\"><div class=\"time__date_content \"><p class=\"event__date\">6 de julho de 2005<\/p><\/div><\/div><\/div>\n\n\n\n<div class=\"wp-block-atlb-single-timeline-item\"><div class=\"timeline__content \">\n<p>Aprova\u00e7\u00e3o de Projeto no Senado Federal.<\/p>\n<\/div><div class=\"timeline__marker\"><i class=\"far fa-arrow-alt-circle-down\"><\/i><\/div><div class=\"timeline__date\"><div class=\"time__date_content \"><p class=\"event__date\">12 de julho de 2005<\/p><\/div><\/div><\/div>\n\n\n\n<div class=\"wp-block-atlb-single-timeline-item\"><div class=\"timeline__content \">\n<p>O Presidente Luis In\u00e1cio Lula da Silva sanciona a Lei n\u00ba 11.151 que cria a UFRB.<\/p>\n<\/div><div class=\"timeline__marker\"><i class=\"far fa-arrow-alt-circle-down\"><\/i><\/div><div class=\"timeline__date\"><div class=\"time__date_content \"><p class=\"event__date\">29 de julho de 2005<\/p><\/div><\/div><\/div>\n\n\n\n<div class=\"wp-block-atlb-single-timeline-item\"><div class=\"timeline__content \">\n<p>A Prefeitura Municipal de Maragogipe, preocupada em preparar seus jovens e adultos para os desafios da UFRB, cria, em conv\u00eanio com o Centro de Ci\u00eancias Agr\u00e1rias da UFBA, o \u201cCurso Preparat\u00f3rio Quilombo Maragogipe\u201d.<\/p>\n<\/div><div class=\"timeline__marker\"><i class=\"far fa-arrow-alt-circle-down\"><\/i><\/div><div class=\"timeline__date\"><div class=\"time__date_content \"><p class=\"event__date\">Agosto de 2005<\/p><\/div><\/div><\/div>\n\n\n\n<div class=\"wp-block-atlb-single-timeline-item\"><div class=\"timeline__content \">\n<p>Libera\u00e7\u00e3o de Recursos do Governo Federal para Investimentos iniciais na UFRB.<\/p>\n<\/div><div class=\"timeline__marker\"><i class=\"far fa-arrow-alt-circle-down\"><\/i><\/div><div class=\"timeline__date\"><div class=\"time__date_content \"><p class=\"event__date\">Dezembro de 2005<\/p><\/div><\/div><\/div>\n\n\n\n<div class=\"wp-block-atlb-single-timeline-item\"><div class=\"timeline__content \">\n<p>Publica\u00e7\u00e3o do Decreto de Tutoria.<\/p>\n<\/div><div class=\"timeline__marker\"><i class=\"far fa-arrow-alt-circle-down\"><\/i><\/div><div class=\"timeline__date\"><div class=\"time__date_content \"><p class=\"event__date\">27 de dezembro de 2005<\/p><\/div><\/div><\/div>\n\n\n\n<div class=\"wp-block-atlb-single-timeline-item\"><div class=\"timeline__content \">\n<p>Autoriza\u00e7\u00e3o de abertura de concurso para<br>servidores docentes, t\u00e9cnicos administrativos<\/p>\n<\/div><div class=\"timeline__marker\"><i class=\"far fa-arrow-alt-circle-down\"><\/i><\/div><div class=\"timeline__date\"><div class=\"time__date_content \"><p class=\"event__date\">dezembro de 2005 e fevereiro de 2006<\/p><\/div><\/div><\/div>\n\n\n\n<div class=\"wp-block-atlb-single-timeline-item\"><div class=\"timeline__content \">\n<p>O Magn\u00edfico Reitor da UFBA cria o Grupo de Trabalho da UFRB, que atua sob a Coordena\u00e7\u00e3o dos Professores Francisco Jos\u00e9 Gomes Mesquita (Coordenador Geral) e Paulo Gabriel Soledade Nacif (Coordenador Adjunto).<\/p>\n<\/div><div class=\"timeline__marker\"><i class=\"far fa-arrow-alt-circle-down\"><\/i><\/div><div class=\"timeline__date\"><div class=\"time__date_content \"><p class=\"event__date\">18 de janeiro de 2006<\/p><\/div><\/div><\/div>\n\n\n\n<div class=\"wp-block-atlb-single-timeline-item\"><div class=\"timeline__content \">\n<p>A nova universidade inicia suas atividades e o professor Paulo Gabriel Soledade Nacif assume a Reitoria Pr\u00f3-Tempore da UFRB<\/p>\n<\/div><div class=\"timeline__marker\"><i class=\"far fa-arrow-alt-circle-down\"><\/i><\/div><div class=\"timeline__date\"><div class=\"time__date_content \"><p class=\"event__date\">03 de julho de 2006<\/p><\/div><\/div><\/div>\n<div class=\"timeline__bar\"><\/div><\/div>\n","protected":false},"excerpt":{"rendered":"<p>A primeira manifesta\u00e7\u00e3o favor\u00e1vel \u00e0 cria\u00e7\u00e3o de uma universidade no Rec\u00f4ncavo ocorreu durante reuni\u00e3o realizada pelo Senado da C\u00e2mara de Santo Amaro, em 14 de junho de 1822. Durante o s\u00e9culo XX, a Bahia alimentou o sonho de instituir uma universidade federal a partir da experi\u00eancia da Escola de Agronomia, localizada no Rec\u00f4ncavo. Em diferentes [&hellip;]<\/p>\n","protected":false},"author":1,"featured_media":0,"parent":0,"menu_order":0,"comment_status":"closed","ping_status":"closed","template":"","meta":{"_acf_changed":false,"footnotes":""},"class_list":["post-37990","page","type-page","status-publish","hentry"],"acf":[],"_links":{"self":[{"href":"https:\/\/ufrb.edu.br\/portal\/wp-json\/wp\/v2\/pages\/37990","targetHints":{"allow":["GET"]}}],"collection":[{"href":"https:\/\/ufrb.edu.br\/portal\/wp-json\/wp\/v2\/pages"}],"about":[{"href":"https:\/\/ufrb.edu.br\/portal\/wp-json\/wp\/v2\/types\/page"}],"author":[{"embeddable":true,"href":"https:\/\/ufrb.edu.br\/portal\/wp-json\/wp\/v2\/users\/1"}],"replies":[{"embeddable":true,"href":"https:\/\/ufrb.edu.br\/portal\/wp-json\/wp\/v2\/comments?post=37990"}],"version-history":[{"count":0,"href":"https:\/\/ufrb.edu.br\/portal\/wp-json\/wp\/v2\/pages\/37990\/revisions"}],"wp:attachment":[{"href":"https:\/\/ufrb.edu.br\/portal\/wp-json\/wp\/v2\/media?parent=37990"}],"curies":[{"name":"wp","href":"https:\/\/api.w.org\/{rel}","templated":true}]}}